{"id":641,"date":"2016-08-03T12:51:35","date_gmt":"2016-08-03T12:51:35","guid":{"rendered":"http:\/\/ciedesogres.com\/wdp1\/?page_id=641"},"modified":"2021-03-02T12:27:23","modified_gmt":"2021-03-02T12:27:23","slug":"radouan-leflahi","status":"publish","type":"page","link":"https:\/\/ciedesogres.com\/wdp1\/radouan-leflahi\/","title":{"rendered":"<p style=\"text-align: center;\">Radouan Leflahi<\/p>"},"content":{"rendered":"<p style=\"text-align: justify;\"><img loading=\"lazy\" decoding=\"async\" class=\"aligncenter wp-image-1929 size-full\" src=\"https:\/\/ciedesogres.com\/wdp1\/wp-content\/uploads\/2021\/03\/Radouan.jpeg\" alt=\"\" width=\"550\" height=\"538\" srcset=\"https:\/\/ciedesogres.com\/wdp1\/wp-content\/uploads\/2021\/03\/Radouan.jpeg 550w, https:\/\/ciedesogres.com\/wdp1\/wp-content\/uploads\/2021\/03\/Radouan-300x293.jpeg 300w\" sizes=\"auto, (max-width: 550px) 100vw, 550px\" \/><\/p>\n<p style=\"text-align: left;\">En 2009 il entre au Conservatoire R\u00e9gional de Rouen. Parall\u00e8lement \u00e0 sa formation, il est dirig\u00e9 par Paul Desveaux pour <em>Santiago High-Tech<\/em>\u00a0de Christi\u00e0n Soto, puis par Thomas Jolly dans <em>Henry VI<\/em>\u00a0de William Shakespeare, ainsi que David Bob\u00e9e dans <em>Giles<\/em>.<\/p>\n<p style=\"text-align: left;\">En 2012, il participe \u00e0 la cr\u00e9ation <em>Rom\u00e9o et Juliette<\/em> de William Shakespeare\u00a0mis en sc\u00e8ne par David Bob\u00e9e dans le r\u00f4le de P\u00e2ris.<br \/>\nIl tourne, en 2013, dans le long-m\u00e9trage du m\u00eame\u00a0nom r\u00e9alis\u00e9 par Fran\u00e7ois Goetghebeur et David Bob\u00e9e.<\/p>\n<p style=\"text-align: left;\">L\u2019ann\u00e9e suivante il rejoint la distribution de <em>Lucr\u00e8ce Borgia<\/em> de Victor Hugo, mis en sc\u00e8ne\u00a0par David Bob\u00e9e, dans le r\u00f4le de Jeppo.<\/p>\n<p style=\"text-align: left;\">En 2015, il met en sc\u00e8ne <em>Partage de Midi<\/em> de Paul Claudel. En 2016, Il fait partie de la re-cr\u00e9ation de <em>F\u00e9es<\/em> de Ronan Ch\u00e9neau mis en sc\u00e8ne par David Bob\u00e9e et travaille avec Pierre Notte autour des \u0153uvres du compositeur Erik Satie au Th\u00e9\u00e2tre du Rond-Point.<\/p>\n<p style=\"text-align: left;\">En 2017, il int\u00e8gre la distribution de la s\u00e9rie <em>Aux animaux la guerre <\/em>r\u00e9alis\u00e9 par Alain Tasma dans le r\u00f4le de Karim Benbarek. Il est dirig\u00e9 par le metteur en sc\u00e8ne franco-roumain Eugen Jebeleanu dans <em>Ogres<\/em> de Yann Verburgh. Il retrouve de nouveau David Bob\u00e9e pour sa nouvelle cr\u00e9ation <em>Peer Gynt<\/em> de Henrik Ibsen dans laquelle il tient le r\u00f4le titre. Il rejoint la distribution de <em>R\u00e9publique<\/em>, dans le r\u00f4le de Djibril, long-m\u00e9trage r\u00e9alis\u00e9 par Simon Bouisson.<\/p>\n<p style=\"text-align: left;\">En 2019, il est dirig\u00e9 de nouveau par Eugen Jebeleanu, dans le r\u00f4le de Hadi, pour le long-m\u00e9trage roumain <em>Poppy field<\/em> ainsi que dans la cr\u00e9ation th\u00e9\u00e2trale <em>Itin\u00e9raires, un jour le monde changera<\/em> \u00e9crit par Yann Verburgh, et rejoint la distribution de <em>Elephant man<\/em> de Bernard Pomerance mis en sc\u00e8ne par David Bob\u00e9e.<\/p>\n<p style=\"text-align: left;\">En 2020, il joue dans le long-m\u00e9trage <em>Robuste<\/em> r\u00e9alis\u00e9 par Constance Meyer.<\/p>\n<p><span style=\"border-radius: 2px; text-indent: 20px; width: auto; padding: 0px 4px 0px 0px; text-align: center; font: bold 11px\/20px 'Helvetica Neue',Helvetica,sans-serif; color: #ffffff; background: #bd081c no-repeat scroll 3px 50% \/ 14px 14px; position: absolute; opacity: 1; z-index: 8675309; display: none; cursor: pointer; top: 27px; left: 117px;\">Enregistrer<\/span><\/p>\n<p><span style=\"border-radius: 2px; text-indent: 20px; width: auto; padding: 0px 4px 0px 0px; text-align: center; font: bold 11px\/20px 'Helvetica Neue',Helvetica,sans-serif; color: #ffffff; background: #bd081c no-repeat scroll 3px 50% \/ 14px 14px; position: absolute; opacity: 1; z-index: 8675309; display: none; cursor: pointer;\">Enregistrer<\/span><\/p>\n<p><span style=\"border-radius: 2px; text-indent: 20px; width: auto; padding: 0px 4px 0px 0px; text-align: center; font: bold 11px\/20px 'Helvetica Neue',Helvetica,sans-serif; color: #ffffff; background: #bd081c no-repeat scroll 3px 50% \/ 14px 14px; position: absolute; opacity: 1; z-index: 8675309; display: none; cursor: pointer; top: 27px; left: 117px;\">Enregistrer<\/span><\/p>\n<p><span style=\"border-radius: 2px; text-indent: 20px; width: auto; padding: 0px 4px 0px 0px; text-align: center; font: bold 11px\/20px 'Helvetica Neue',Helvetica,sans-serif; color: #ffffff; background: #bd081c no-repeat scroll 3px 50% \/ 14px 14px; position: absolute; opacity: 1; z-index: 8675309; display: none; cursor: pointer;\">Enregistrer<\/span><\/p>\n","protected":false},"excerpt":{"rendered":"<p>En 2009 il entre au Conservatoire R\u00e9gional de Rouen. Parall\u00e8lement \u00e0 sa formation, il est dirig\u00e9 par Paul Desveaux pour Santiago High-Tech\u00a0de Christi\u00e0n Soto, puis par Thomas Jolly dans Henry VI\u00a0de William Shakespeare, ainsi que David Bob\u00e9e dans Giles. En 2012, il participe \u00e0 la cr\u00e9ation Rom\u00e9o et Juliette de William Shakespeare\u00a0mis en sc\u00e8ne par &hellip; <a href=\"https:\/\/ciedesogres.com\/wdp1\/radouan-leflahi\/\" class=\"more-link\">Continuer la lecture de <span class=\"screen-reader-text\"><\/p>\n<p style=\"text-align: center;\">Radouan Leflahi<\/p>\n<p><\/span>  <span class=\"meta-nav\">&rarr;<\/span><\/a><\/p>\n","protected":false},"author":1,"featured_media":0,"parent":0,"menu_order":0,"comment_status":"closed","ping_status":"closed","template":"","meta":{"footnotes":""},"class_list":["post-641","page","type-page","status-publish","hentry"],"_links":{"self":[{"href":"https:\/\/ciedesogres.com\/wdp1\/wp-json\/wp\/v2\/pages\/641","targetHints":{"allow":["GET"]}}],"collection":[{"href":"https:\/\/ciedesogres.com\/wdp1\/wp-json\/wp\/v2\/pages"}],"about":[{"href":"https:\/\/ciedesogres.com\/wdp1\/wp-json\/wp\/v2\/types\/page"}],"author":[{"embeddable":true,"href":"https:\/\/ciedesogres.com\/wdp1\/wp-json\/wp\/v2\/users\/1"}],"replies":[{"embeddable":true,"href":"https:\/\/ciedesogres.com\/wdp1\/wp-json\/wp\/v2\/comments?post=641"}],"version-history":[{"count":12,"href":"https:\/\/ciedesogres.com\/wdp1\/wp-json\/wp\/v2\/pages\/641\/revisions"}],"predecessor-version":[{"id":1930,"href":"https:\/\/ciedesogres.com\/wdp1\/wp-json\/wp\/v2\/pages\/641\/revisions\/1930"}],"wp:attachment":[{"href":"https:\/\/ciedesogres.com\/wdp1\/wp-json\/wp\/v2\/media?parent=641"}],"curies":[{"name":"wp","href":"https:\/\/api.w.org\/{rel}","templated":true}]}}