{"id":505,"date":"2016-05-08T19:14:47","date_gmt":"2016-05-08T19:14:47","guid":{"rendered":"http:\/\/ciedesogres.com\/wdp1\/?page_id=505"},"modified":"2026-04-09T11:37:26","modified_gmt":"2026-04-09T09:37:26","slug":"resume","status":"publish","type":"page","link":"https:\/\/ciedesogres.com\/wdp1\/resume\/","title":{"rendered":"OGRES"},"content":{"rendered":"\n<p><span style=\"font-size: 24px;\"><strong>OGRES<\/strong><\/span><em><br><\/em><\/p>\n\n\n\n<figure class=\"wp-block-embed is-type-video is-provider-vimeo wp-block-embed-vimeo wp-embed-aspect-16-9 wp-has-aspect-ratio\"><div class=\"wp-block-embed__wrapper\">\n<iframe loading=\"lazy\" title=\"OGRES teaser\" src=\"https:\/\/player.vimeo.com\/video\/232234671?dnt=1&amp;app_id=122963\" width=\"474\" height=\"267\" frameborder=\"0\" allow=\"autoplay; fullscreen; picture-in-picture; clipboard-write; encrypted-media; web-share\" referrerpolicy=\"strict-origin-when-cross-origin\"><\/iframe>\n<\/div><\/figure>\n\n\n\n<p><em>Ogres<\/em> de Yann Verburgh propose un voyage au c\u0153ur de l\u2019homophobie, aujourd&rsquo;hui dans le monde. De la France \u00e0 la Russie, de l&rsquo;Ouganda \u00e0 l&rsquo;Iran \u2013 en passant par la Bulgarie, l&rsquo;Afrique du Sud, le Cameroun, la Gr\u00e8ce, le Br\u00e9sil, la Roumanie, la Cor\u00e9e du Sud, les Pays-Bas \u2013 ce texte dresse un \u00e9tat des lieux d&rsquo;une discrimination qui exclut socialement, qui tue directement ou indirectement, qui existe sous toutes sortes de formes et dont toutes les formes provoquent douleurs et souffrances.<\/p>\n\n\n\n<p><em>Ogres<\/em> d\u00e9bute avec l&rsquo;agression de Benjamin, tortur\u00e9 et laiss\u00e9 pour mort dans un bois de Normandie. La sc\u00e8ne nous est racont\u00e9e, comme une cam\u00e9ra embarqu\u00e9e, au travers du regard de l&rsquo;un de ses agresseurs. On suit comme un fil rouge, entre les cas trait\u00e9s, l&rsquo;histoire de Benjamin, jusqu&rsquo;au proc\u00e8s qui condamne ses agresseurs. Le long de ce chemin, il est accompagn\u00e9 par Yoan, jeune militant LGBT qui lui apporte soutien et \u00e9coute. Au total, 28 sc\u00e8nes et 14 destinations o\u00f9 se confrontent les points de vues des victimes, des agresseurs, des familles, des t\u00e9moins, des commentateurs.<\/p>\n\n\n\n<p>Au milieu de l\u2019horreur, de la torture et de l&rsquo;incoh\u00e9rence, sous la cro\u00fbte des plaies, ce qui n&rsquo;est jamais \u00e9radiqu\u00e9, tu\u00e9 ou \u00e9touff\u00e9, c&rsquo;est l&rsquo;amour \u2013 celui d&rsquo;Eshan et d&rsquo;Ali, condamn\u00e9s \u00e0 mort en Iran \u2013 c&rsquo;est l&rsquo;espoir \u2013 celui de Tara, jeune Ougandaise en proc\u00e9dure de demande d&rsquo;asile aux Pays-Bas \u2013 c&rsquo;est le courage \u2013 celui de Luka, lyc\u00e9en russe de la ville de Sotchi.<\/p>\n\n\n\n\n\n<div class=\"editor-visual-editor__post-title-wrapper edit-post-visual-editor__post-title-wrapper\" contenteditable=\"false\">\n<h1 class=\"wp-block wp-block-post-title block-editor-block-list__block editor-post-title editor-post-title__input rich-text\" role=\"textbox\" contenteditable=\"true\" aria-label=\"Saisissez le titre\" aria-multiline=\"true\">G\u00e9n\u00e9rique et soutiens<\/h1>\n<\/div>\n<div class=\"is-root-container is-desktop-preview is-layout-flow wp-block-post-content block-editor-block-list__layout\">\n<p id=\"block-877ce7d0-8e51-42f8-8afb-f18c7d1d2957\" class=\"block-editor-rich-text__editable block-editor-block-list__block wp-block wp-block-paragraph rich-text\" role=\"document\" contenteditable=\"true\" aria-multiline=\"true\" aria-label=\"Bloc\u00a0: paragraphe\" data-block=\"877ce7d0-8e51-42f8-8afb-f18c7d1d2957\" data-type=\"core\/paragraph\" data-title=\"Paragraphe\" data-empty=\"false\" data-wp-block-attribute-key=\"content\"><strong>OGRES<\/strong><\/p>\n<figure id=\"block-452be27f-8000-4c4b-b247-b1977bb7f5be\" class=\"block-editor-block-list__block wp-block wp-block-image\" tabindex=\"0\" role=\"document\" draggable=\"true\" aria-label=\"Bloc\u00a0: Image\" data-block=\"452be27f-8000-4c4b-b247-b1977bb7f5be\" data-type=\"core\/image\" data-title=\"Image\">\n<div class=\"components-resizable-box__container\"><img decoding=\"async\" src=\"https:\/\/ciedesogres.com\/wdp1\/wp-content\/uploads\/2019\/01\/OGRES-Geoffrey-Fages-4.jpg\" alt=\"L\u2019attribut alt de cette image est vide, son nom de fichier est OGRES-Geoffrey-Fages-4.jpg.\" \/>\n<div>\u00a0<\/div>\n<\/div>\n<figcaption class=\"block-editor-rich-text__editable wp-element-caption rich-text\" role=\"textbox\" aria-multiline=\"true\" aria-label=\"Texte de l\u00e9gende de l\u2019image\" data-wp-block-attribute-key=\"caption\">cr\u00e9dit photo : Geoffrey Fages<\/figcaption>\n<div class=\"components-drop-zone\" data-is-drop-zone=\"true\">\n<div class=\"components-drop-zone__content\">\n<div class=\"components-drop-zone__content-inner\">\u00a0<\/div>\n<\/div>\n<\/div>\n<\/figure>\n<p id=\"block-48b7e166-0b02-462c-bd5a-b603a9b61c90\" class=\"block-editor-rich-text__editable block-editor-block-list__block wp-block wp-block-paragraph rich-text\" role=\"document\" contenteditable=\"true\" aria-multiline=\"true\" aria-label=\"Bloc\u00a0: paragraphe\" data-block=\"48b7e166-0b02-462c-bd5a-b603a9b61c90\" data-type=\"core\/paragraph\" data-title=\"Paragraphe\" data-empty=\"false\" data-wp-block-attribute-key=\"content\"><strong>Mise en sc\u00e8ne<\/strong> <a href=\"https:\/\/ciedesogres.com\/wdp1\/?page_id=132\" target=\"_blank\" rel=\"noopener noreferrer\">Eugen Jebeleanu<\/a><br data-rich-text-line-break=\"true\" \/><strong>Texte et dramaturgie<\/strong> <a href=\"https:\/\/ciedesogres.com\/wdp1\/?page_id=135\" target=\"_blank\" rel=\"noopener noreferrer\">Yann Verburgh<\/a><br data-rich-text-line-break=\"true\" \/><strong>Jeu<\/strong> <a href=\"https:\/\/ciedesogres.com\/wdp1\/?page_id=105\" target=\"_blank\" rel=\"noopener noreferrer\">Gautier Boxebeld<\/a>\u00a0\/ Yann Verburgh, <a href=\"https:\/\/ciedesogres.com\/wdp1\/?page_id=139\" target=\"_blank\" rel=\"noopener noreferrer\">Cl\u00e9mence Laboureau<\/a>, <a href=\"https:\/\/ciedesogres.com\/wdp1\/radouan-leflahi\/\" target=\"_blank\" rel=\"noopener noreferrer\">Radouan Leflahi<\/a>\u00a0\/ Johann Weber, <a href=\"https:\/\/ciedesogres.com\/wdp1\/?page_id=141\" target=\"_blank\" rel=\"noopener noreferrer\">Ugo L\u00e9onard<\/a>, <a href=\"https:\/\/ciedesogres.com\/wdp1\/?page_id=144\" target=\"_blank\" rel=\"noopener noreferrer\">Claire Puygrenier<\/a><br data-rich-text-line-break=\"true\" \/><strong>Sc\u00e9nographie<\/strong> <a href=\"https:\/\/ciedesogres.com\/wdp1\/272-2\/\" target=\"_blank\" rel=\"noopener noreferrer\">Velica Panduru<\/a><br data-rich-text-line-break=\"true\" \/><strong>Cr\u00e9ation sonore<\/strong> <a href=\"https:\/\/ciedesogres.com\/wdp1\/remi-billardon\/\" target=\"_blank\" rel=\"noopener noreferrer\">R\u00e9mi Billardon<\/a><br data-rich-text-line-break=\"true\" \/><strong>Cr\u00e9ation lumi\u00e8re et r\u00e9gie g\u00e9n\u00e9rale<\/strong> <a href=\"https:\/\/ciedesogres.com\/wdp1\/sebastien-lemarchand\/\" target=\"_blank\" rel=\"noopener noreferrer\">S\u00e9bastien Lemarchand<\/a><br data-rich-text-line-break=\"true\" \/><strong>R\u00e9gie lumi\u00e8re et plateau<\/strong> Nina Tanne<br data-rich-text-line-break=\"true\" \/><strong>Administration et production<\/strong> <a href=\"https:\/\/ciedesogres.com\/wdp1\/eva-manin\/\">Eva Manin<\/a><\/p>\n<p id=\"block-3bd671f0-853e-49cb-880a-c59a76ae60b6\" class=\"block-editor-rich-text__editable block-editor-block-list__block wp-block wp-block-paragraph rich-text\" role=\"document\" contenteditable=\"true\" aria-multiline=\"true\" aria-label=\"Bloc\u00a0: paragraphe\" data-block=\"3bd671f0-853e-49cb-880a-c59a76ae60b6\" data-type=\"core\/paragraph\" data-title=\"Paragraphe\" data-empty=\"false\" data-wp-block-attribute-key=\"content\"><strong>Production<\/strong> Compagnie des Ogres<\/p>\n<p id=\"block-4964f547-5410-4bf9-88a8-63bbc505f9a8\" class=\"block-editor-rich-text__editable block-editor-block-list__block wp-block wp-block-paragraph rich-text\" role=\"document\" contenteditable=\"true\" aria-multiline=\"true\" aria-label=\"Bloc\u00a0: paragraphe\" data-block=\"4964f547-5410-4bf9-88a8-63bbc505f9a8\" data-type=\"core\/paragraph\" data-title=\"Paragraphe\" data-empty=\"false\" data-wp-block-attribute-key=\"content\"><strong>Coproduction <\/strong>FATP &#8211; <a href=\"http:\/\/www.fatp.fr\/\" target=\"_blank\" rel=\"noopener noreferrer\">F\u00e9d\u00e9ration d\u2019Associations de Th\u00e9\u00e2tre Populaire<\/a>, <a href=\"http:\/\/www.theatre-ouvert.com\/\" target=\"_blank\" rel=\"noopener noreferrer\">Th\u00e9\u00e2tre Ouvert Cndc<\/a>,\u00a0 <a href=\"http:\/\/www.hangar23.fr\/\" target=\"_blank\" rel=\"noopener noreferrer\">L\u2019\u00c9tincelle &#8211; Th\u00e9\u00e2tre de la ville de Rouen<\/a><\/p>\n<p id=\"block-fee81068-fde6-4251-8d41-eec75dfe5354\" class=\"block-editor-rich-text__editable block-editor-block-list__block wp-block wp-block-paragraph rich-text\" role=\"document\" contenteditable=\"true\" aria-multiline=\"true\" aria-label=\"Bloc\u00a0: paragraphe\" data-block=\"fee81068-fde6-4251-8d41-eec75dfe5354\" data-type=\"core\/paragraph\" data-title=\"Paragraphe\" data-empty=\"false\" data-wp-block-attribute-key=\"content\"><strong>Avec le soutien<\/strong> d\u2019<a href=\"http:\/\/www.arcadi.fr\/\">Arcadi \u00cele-de-France<\/a>,\u00a0 de l&rsquo;aide \u00e0 la cr\u00e9ation de l&rsquo;<a href=\"https:\/\/www.adami.fr\/\" target=\"_blank\" rel=\"noopener noreferrer\">Adami<\/a>, de l&rsquo;aide \u00e0 la cr\u00e9ation et de l&rsquo;aide \u00e0 la reprise de la <a href=\"http:\/\/www.spedidam.fr\/\" target=\"_blank\" rel=\"noopener noreferrer\">Spedidam<\/a>, de la <a href=\"http:\/\/www.chartreuse.org\/\" target=\"_blank\" rel=\"noopener noreferrer\">Chartreuse Cnes<\/a> de Villeneuve lez Avignon, du <a href=\"http:\/\/www.theatregerardphilipe.com\/cdn\/\" target=\"_blank\" rel=\"noopener noreferrer\">Th\u00e9\u00e2tre G\u00e9rard Philipe<\/a> &#8211; CDN de Saint-Denis, du <a href=\"http:\/\/www.jeune-theatre-national.com\/\">JTN<\/a> &#8211; Jeune Th\u00e9\u00e2tre National, de l&rsquo;<a href=\"http:\/\/www.institut-roumain.org\/\" target=\"_blank\" rel=\"noopener noreferrer\">Institut Culturel Roumain<\/a>, de <a href=\"http:\/\/confluences.net\/\" target=\"_blank\" rel=\"noopener noreferrer\">Confluences<\/a> &#8211; lieu d&rsquo;engagement artistique, de la <a href=\"https:\/\/www.facebook.com\/Compania-28-166435650040935\/\" target=\"_blank\" rel=\"noopener noreferrer\">Compania 28 <\/a>et du <a href=\"http:\/\/www.tempsdimages.eu\/\" target=\"_blank\" rel=\"noopener noreferrer\">Festival Temps d&rsquo;Images<\/a> de Cluj (Roumanie)<br data-rich-text-line-break=\"true\" \/>Cette \u0153uvre a b\u00e9n\u00e9fici\u00e9 de l&rsquo;aide \u00e0 la production et \u00e0 la diffusion du Fonds <a href=\"http:\/\/www.sacd.fr\/\" target=\"_blank\" rel=\"noopener noreferrer\">SACD <\/a>Th\u00e9\u00e2tre<\/p>\n<p id=\"block-36892c7e-f561-4a26-9520-026b9eec572a\" class=\"block-editor-rich-text__editable block-editor-block-list__block wp-block wp-block-paragraph rich-text\" role=\"document\" contenteditable=\"true\" aria-multiline=\"true\" aria-label=\"Bloc\u00a0: paragraphe\" data-block=\"36892c7e-f561-4a26-9520-026b9eec572a\" data-type=\"core\/paragraph\" data-title=\"Paragraphe\" data-empty=\"false\" data-wp-block-attribute-key=\"content\"><strong>Ce spectacle b\u00e9n\u00e9ficie de septembre 2018 \u00e0 ao\u00fbt 2020 du soutien de la<\/strong> <a href=\"http:\/\/www.onda.fr\/fr\/actualites.php?id=49\"><strong>Charte d&rsquo;aide \u00e0 la diffusion<\/strong><\/a> sign\u00e9e par l&rsquo;<a href=\"http:\/\/www.onda.fr\/fr\/index.php\" target=\"_blank\" rel=\"noopener noreferrer\">Onda<\/a>,<a href=\"http:\/\/www.arcadi.fr\/\" target=\"_blank\" rel=\"noopener noreferrer\"> Arcadi \u00cele-de-France<\/a>, l&rsquo;<a href=\"http:\/\/oara.fr\/\" target=\"_blank\" rel=\"noopener noreferrer\">Oara Aquitaine<\/a>, l&rsquo;<a href=\"http:\/\/www.odianormandie.com\/\" target=\"_blank\" rel=\"noopener noreferrer\">Odia Normandie<\/a>, <a href=\"https:\/\/www.reseauenscene.fr\/\" target=\"_blank\" rel=\"noopener noreferrer\">R\u00e9seau en sc\u00e8ne Languedoc-Roussillon<\/a> et <a href=\"http:\/\/www.spectacle-vivant-bretagne.fr\/\" target=\"_blank\" rel=\"noopener noreferrer\">Spectacle vivant en Bretagne<\/a>.<\/p>\n<p id=\"block-edbb73a1-50d2-4221-8a60-7cefd4ec060c\" class=\"block-editor-rich-text__editable block-editor-block-list__block wp-block wp-block-paragraph rich-text\" role=\"document\" contenteditable=\"true\" aria-multiline=\"true\" aria-label=\"Bloc\u00a0: paragraphe\" data-block=\"edbb73a1-50d2-4221-8a60-7cefd4ec060c\" data-type=\"core\/paragraph\" data-title=\"Paragraphe\" data-empty=\"false\" data-wp-block-attribute-key=\"content\"><strong>Spectacle s\u00e9lectionn\u00e9 pour la saison France-Roumanie 2018-19<\/strong><\/p>\n<p id=\"block-e8346d68-65a2-4be9-b58f-3746213bdbf8\" class=\"block-editor-rich-text__editable block-editor-block-list__block wp-block wp-block-paragraph rich-text\" role=\"document\" contenteditable=\"true\" aria-multiline=\"true\" aria-label=\"Bloc\u00a0: paragraphe\" data-block=\"e8346d68-65a2-4be9-b58f-3746213bdbf8\" data-type=\"core\/paragraph\" data-title=\"Paragraphe\" data-empty=\"false\" data-wp-block-attribute-key=\"content\"><strong>Texte laur\u00e9at<\/strong> de l\u2019Aide \u00e0 l&rsquo;\u00e9criture de l&rsquo;association <a href=\"http:\/\/beaumarchais.asso.fr\/\" target=\"_blank\" rel=\"noopener noreferrer\">Beaumarchais-SACD<\/a>, de l&rsquo;Aide \u00e0 la cr\u00e9ation du<a href=\"http:\/\/www.cnt.asso.fr\/\" target=\"_blank\" rel=\"noopener noreferrer\"> CnT<\/a> &#8211; Centre national du Th\u00e9\u00e2tre et de l&rsquo;Aide \u00e0 la publication du <a href=\"http:\/\/www.centrenationaldulivre.fr\/\" target=\"_blank\" rel=\"noopener noreferrer\">CNL<\/a> &#8211; Centre National du Livre<\/p>\n<p id=\"block-09769413-4b08-4aff-9787-b719a3a23d2c\" class=\"block-editor-rich-text__editable block-editor-block-list__block wp-block wp-block-paragraph rich-text\" role=\"document\" contenteditable=\"true\" aria-multiline=\"true\" aria-label=\"Bloc\u00a0: paragraphe\" data-block=\"09769413-4b08-4aff-9787-b719a3a23d2c\" data-type=\"core\/paragraph\" data-title=\"Paragraphe\" data-empty=\"false\" data-wp-block-attribute-key=\"content\"><strong>Remerciements<\/strong> Maison des Auteurs de la <a href=\"http:\/\/www.sacd.fr\/\" target=\"_blank\" rel=\"noopener noreferrer\">SACD<\/a>, la Compagnie KonfisK\u00e9(e)<\/p>\n<div class=\"cr3_sponsorwrapper\"><div class=\"threes-column\"><a href=\"http:\/\/www.artcena.fr\/\" target=\"_blank\"><div class=\"cr3_sponsor_image\"><img loading=\"lazy\" decoding=\"async\" width=\"1077\" height=\"567\" src=\"https:\/\/ciedesogres.com\/wdp1\/wp-content\/uploads\/2016\/05\/logo-ARTCENA.jpg\" class=\"attachment-full size-full wp-post-image\" alt=\"\" srcset=\"https:\/\/ciedesogres.com\/wdp1\/wp-content\/uploads\/2016\/05\/logo-ARTCENA.jpg 1077w, https:\/\/ciedesogres.com\/wdp1\/wp-content\/uploads\/2016\/05\/logo-ARTCENA-300x158.jpg 300w, https:\/\/ciedesogres.com\/wdp1\/wp-content\/uploads\/2016\/05\/logo-ARTCENA-768x404.jpg 768w, https:\/\/ciedesogres.com\/wdp1\/wp-content\/uploads\/2016\/05\/logo-ARTCENA-1024x539.jpg 1024w\" sizes=\"auto, (max-width: 1077px) 100vw, 1077px\" \/><\/div><\/a><\/div><div class=\"threes-column\"><a href=\"http:\/\/beaumarchais.asso.fr\/\" target=\"_blank\"><div class=\"cr3_sponsor_image\"><img loading=\"lazy\" decoding=\"async\" width=\"1077\" height=\"567\" src=\"https:\/\/ciedesogres.com\/wdp1\/wp-content\/uploads\/2016\/05\/logo-BEAUMARCHAIS.jpg\" class=\"attachment-full size-full wp-post-image\" alt=\"\" srcset=\"https:\/\/ciedesogres.com\/wdp1\/wp-content\/uploads\/2016\/05\/logo-BEAUMARCHAIS.jpg 1077w, https:\/\/ciedesogres.com\/wdp1\/wp-content\/uploads\/2016\/05\/logo-BEAUMARCHAIS-300x158.jpg 300w, https:\/\/ciedesogres.com\/wdp1\/wp-content\/uploads\/2016\/05\/logo-BEAUMARCHAIS-768x404.jpg 768w, https:\/\/ciedesogres.com\/wdp1\/wp-content\/uploads\/2016\/05\/logo-BEAUMARCHAIS-1024x539.jpg 1024w\" sizes=\"auto, (max-width: 1077px) 100vw, 1077px\" \/><\/div><\/a><\/div><div class=\"threes-column\"><a href=\"http:\/\/www.spedidam.fr\/\" target=\"_blank\"><div class=\"cr3_sponsor_image\"><img loading=\"lazy\" decoding=\"async\" width=\"1077\" height=\"567\" src=\"https:\/\/ciedesogres.com\/wdp1\/wp-content\/uploads\/2016\/10\/logo-SPEDIDAM.jpg\" class=\"attachment-full size-full wp-post-image\" alt=\"\" srcset=\"https:\/\/ciedesogres.com\/wdp1\/wp-content\/uploads\/2016\/10\/logo-SPEDIDAM.jpg 1077w, https:\/\/ciedesogres.com\/wdp1\/wp-content\/uploads\/2016\/10\/logo-SPEDIDAM-300x158.jpg 300w, https:\/\/ciedesogres.com\/wdp1\/wp-content\/uploads\/2016\/10\/logo-SPEDIDAM-768x404.jpg 768w, https:\/\/ciedesogres.com\/wdp1\/wp-content\/uploads\/2016\/10\/logo-SPEDIDAM-1024x539.jpg 1024w\" sizes=\"auto, (max-width: 1077px) 100vw, 1077px\" \/><\/div><\/a><\/div><div class=\"threes-column\"><a href=\"https:\/\/www.adami.fr\/\" target=\"_blank\"><div class=\"cr3_sponsor_image\"><img loading=\"lazy\" decoding=\"async\" width=\"1077\" height=\"567\" src=\"https:\/\/ciedesogres.com\/wdp1\/wp-content\/uploads\/2016\/09\/logo-ADAMI.jpg\" class=\"attachment-full size-full wp-post-image\" alt=\"\" srcset=\"https:\/\/ciedesogres.com\/wdp1\/wp-content\/uploads\/2016\/09\/logo-ADAMI.jpg 1077w, https:\/\/ciedesogres.com\/wdp1\/wp-content\/uploads\/2016\/09\/logo-ADAMI-300x158.jpg 300w, https:\/\/ciedesogres.com\/wdp1\/wp-content\/uploads\/2016\/09\/logo-ADAMI-768x404.jpg 768w, https:\/\/ciedesogres.com\/wdp1\/wp-content\/uploads\/2016\/09\/logo-ADAMI-1024x539.jpg 1024w\" sizes=\"auto, (max-width: 1077px) 100vw, 1077px\" \/><\/div><\/a><\/div><div class=\"threes-column\"><a href=\"http:\/\/chartreuse.org\/site\/\" target=\"_blank\"><div class=\"cr3_sponsor_image\"><img loading=\"lazy\" decoding=\"async\" width=\"1077\" height=\"567\" src=\"https:\/\/ciedesogres.com\/wdp1\/wp-content\/uploads\/2016\/05\/logo-CHARTREUSE-CNES.jpg\" class=\"attachment-full size-full wp-post-image\" alt=\"\" srcset=\"https:\/\/ciedesogres.com\/wdp1\/wp-content\/uploads\/2016\/05\/logo-CHARTREUSE-CNES.jpg 1077w, https:\/\/ciedesogres.com\/wdp1\/wp-content\/uploads\/2016\/05\/logo-CHARTREUSE-CNES-300x158.jpg 300w, https:\/\/ciedesogres.com\/wdp1\/wp-content\/uploads\/2016\/05\/logo-CHARTREUSE-CNES-768x404.jpg 768w, https:\/\/ciedesogres.com\/wdp1\/wp-content\/uploads\/2016\/05\/logo-CHARTREUSE-CNES-1024x539.jpg 1024w\" sizes=\"auto, (max-width: 1077px) 100vw, 1077px\" \/><\/div><\/a><\/div><div class=\"threes-column\"><a href=\"http:\/\/www.fatp.fr\/\" target=\"_blank\"><div class=\"cr3_sponsor_image\"><img loading=\"lazy\" decoding=\"async\" width=\"1077\" height=\"567\" src=\"https:\/\/ciedesogres.com\/wdp1\/wp-content\/uploads\/2016\/05\/logo-FATP.jpg\" class=\"attachment-full size-full wp-post-image\" alt=\"\" srcset=\"https:\/\/ciedesogres.com\/wdp1\/wp-content\/uploads\/2016\/05\/logo-FATP.jpg 1077w, https:\/\/ciedesogres.com\/wdp1\/wp-content\/uploads\/2016\/05\/logo-FATP-300x158.jpg 300w, https:\/\/ciedesogres.com\/wdp1\/wp-content\/uploads\/2016\/05\/logo-FATP-768x404.jpg 768w, https:\/\/ciedesogres.com\/wdp1\/wp-content\/uploads\/2016\/05\/logo-FATP-1024x539.jpg 1024w\" sizes=\"auto, (max-width: 1077px) 100vw, 1077px\" \/><\/div><\/a><\/div><div class=\"threes-column\"><a href=\"http:\/\/www.theatregerardphilipe.com\/cdn\/\" target=\"_blank\"><div class=\"cr3_sponsor_image\"><img loading=\"lazy\" decoding=\"async\" width=\"1077\" height=\"567\" src=\"https:\/\/ciedesogres.com\/wdp1\/wp-content\/uploads\/2016\/05\/logo-TGP.jpg\" class=\"attachment-full size-full wp-post-image\" alt=\"\" srcset=\"https:\/\/ciedesogres.com\/wdp1\/wp-content\/uploads\/2016\/05\/logo-TGP.jpg 1077w, https:\/\/ciedesogres.com\/wdp1\/wp-content\/uploads\/2016\/05\/logo-TGP-300x158.jpg 300w, https:\/\/ciedesogres.com\/wdp1\/wp-content\/uploads\/2016\/05\/logo-TGP-768x404.jpg 768w, https:\/\/ciedesogres.com\/wdp1\/wp-content\/uploads\/2016\/05\/logo-TGP-1024x539.jpg 1024w\" sizes=\"auto, (max-width: 1077px) 100vw, 1077px\" \/><\/div><\/a><\/div><div class=\"threes-column\"><a href=\"http:\/\/www.theatre-ouvert.com\/\" target=\"_blank\"><div class=\"cr3_sponsor_image\"><img loading=\"lazy\" decoding=\"async\" width=\"1077\" height=\"567\" src=\"https:\/\/ciedesogres.com\/wdp1\/wp-content\/uploads\/2016\/05\/logo-THEATRE-OUVERT-CNDC.jpg\" class=\"attachment-full size-full wp-post-image\" alt=\"\" srcset=\"https:\/\/ciedesogres.com\/wdp1\/wp-content\/uploads\/2016\/05\/logo-THEATRE-OUVERT-CNDC.jpg 1077w, https:\/\/ciedesogres.com\/wdp1\/wp-content\/uploads\/2016\/05\/logo-THEATRE-OUVERT-CNDC-300x158.jpg 300w, https:\/\/ciedesogres.com\/wdp1\/wp-content\/uploads\/2016\/05\/logo-THEATRE-OUVERT-CNDC-768x404.jpg 768w, https:\/\/ciedesogres.com\/wdp1\/wp-content\/uploads\/2016\/05\/logo-THEATRE-OUVERT-CNDC-1024x539.jpg 1024w\" sizes=\"auto, (max-width: 1077px) 100vw, 1077px\" \/><\/div><\/a><\/div><div class=\"threes-column\"><a href=\"http:\/\/sacd.fr\/\" target=\"_blank\"><div class=\"cr3_sponsor_image\"><img loading=\"lazy\" decoding=\"async\" width=\"1077\" height=\"567\" src=\"https:\/\/ciedesogres.com\/wdp1\/wp-content\/uploads\/2016\/06\/logo-SACD.jpg\" class=\"attachment-full size-full wp-post-image\" alt=\"\" srcset=\"https:\/\/ciedesogres.com\/wdp1\/wp-content\/uploads\/2016\/06\/logo-SACD.jpg 1077w, https:\/\/ciedesogres.com\/wdp1\/wp-content\/uploads\/2016\/06\/logo-SACD-300x158.jpg 300w, https:\/\/ciedesogres.com\/wdp1\/wp-content\/uploads\/2016\/06\/logo-SACD-768x404.jpg 768w, https:\/\/ciedesogres.com\/wdp1\/wp-content\/uploads\/2016\/06\/logo-SACD-1024x539.jpg 1024w\" sizes=\"auto, (max-width: 1077px) 100vw, 1077px\" \/><\/div><\/a><\/div><div class=\"threes-column\"><a href=\"https:\/\/www.facebook.com\/Compania-28-166435650040935\/\" target=\"_blank\"><div class=\"cr3_sponsor_image\"><img loading=\"lazy\" decoding=\"async\" width=\"1077\" height=\"567\" src=\"https:\/\/ciedesogres.com\/wdp1\/wp-content\/uploads\/2016\/08\/logo-CIE-28.jpg\" class=\"attachment-full size-full wp-post-image\" alt=\"\" srcset=\"https:\/\/ciedesogres.com\/wdp1\/wp-content\/uploads\/2016\/08\/logo-CIE-28.jpg 1077w, https:\/\/ciedesogres.com\/wdp1\/wp-content\/uploads\/2016\/08\/logo-CIE-28-300x158.jpg 300w, https:\/\/ciedesogres.com\/wdp1\/wp-content\/uploads\/2016\/08\/logo-CIE-28-768x404.jpg 768w, https:\/\/ciedesogres.com\/wdp1\/wp-content\/uploads\/2016\/08\/logo-CIE-28-1024x539.jpg 1024w\" sizes=\"auto, (max-width: 1077px) 100vw, 1077px\" \/><\/div><\/a><\/div><div class=\"threes-column\"><a href=\"http:\/\/www.copieprivee.org\/\" target=\"_blank\"><div class=\"cr3_sponsor_image\"><img loading=\"lazy\" decoding=\"async\" width=\"1077\" height=\"567\" src=\"https:\/\/ciedesogres.com\/wdp1\/wp-content\/uploads\/2016\/06\/logo-COPIE-PRIVEE.jpg\" class=\"attachment-full size-full wp-post-image\" alt=\"\" srcset=\"https:\/\/ciedesogres.com\/wdp1\/wp-content\/uploads\/2016\/06\/logo-COPIE-PRIVEE.jpg 1077w, https:\/\/ciedesogres.com\/wdp1\/wp-content\/uploads\/2016\/06\/logo-COPIE-PRIVEE-300x158.jpg 300w, https:\/\/ciedesogres.com\/wdp1\/wp-content\/uploads\/2016\/06\/logo-COPIE-PRIVEE-768x404.jpg 768w, https:\/\/ciedesogres.com\/wdp1\/wp-content\/uploads\/2016\/06\/logo-COPIE-PRIVEE-1024x539.jpg 1024w\" sizes=\"auto, (max-width: 1077px) 100vw, 1077px\" \/><\/div><\/a><\/div><div class=\"threes-column\"><a href=\"http:\/\/www.centrenationaldulivre.fr\/\" target=\"_blank\"><div class=\"cr3_sponsor_image\"><img loading=\"lazy\" decoding=\"async\" width=\"1077\" height=\"567\" src=\"https:\/\/ciedesogres.com\/wdp1\/wp-content\/uploads\/2016\/07\/logo-CNL.jpg\" class=\"attachment-full size-full wp-post-image\" alt=\"\" srcset=\"https:\/\/ciedesogres.com\/wdp1\/wp-content\/uploads\/2016\/07\/logo-CNL.jpg 1077w, https:\/\/ciedesogres.com\/wdp1\/wp-content\/uploads\/2016\/07\/logo-CNL-300x158.jpg 300w, https:\/\/ciedesogres.com\/wdp1\/wp-content\/uploads\/2016\/07\/logo-CNL-768x404.jpg 768w, https:\/\/ciedesogres.com\/wdp1\/wp-content\/uploads\/2016\/07\/logo-CNL-1024x539.jpg 1024w\" sizes=\"auto, (max-width: 1077px) 100vw, 1077px\" \/><\/div><\/a><\/div><div class=\"threes-column\"><a href=\"http:\/\/www.confluences.net\/\" target=\"_blank\"><div class=\"cr3_sponsor_image\"><img loading=\"lazy\" decoding=\"async\" width=\"1077\" height=\"567\" src=\"https:\/\/ciedesogres.com\/wdp1\/wp-content\/uploads\/2016\/05\/logo-CONFLUENCES.jpg\" class=\"attachment-full size-full wp-post-image\" alt=\"\" srcset=\"https:\/\/ciedesogres.com\/wdp1\/wp-content\/uploads\/2016\/05\/logo-CONFLUENCES.jpg 1077w, https:\/\/ciedesogres.com\/wdp1\/wp-content\/uploads\/2016\/05\/logo-CONFLUENCES-300x158.jpg 300w, https:\/\/ciedesogres.com\/wdp1\/wp-content\/uploads\/2016\/05\/logo-CONFLUENCES-768x404.jpg 768w, https:\/\/ciedesogres.com\/wdp1\/wp-content\/uploads\/2016\/05\/logo-CONFLUENCES-1024x539.jpg 1024w\" sizes=\"auto, (max-width: 1077px) 100vw, 1077px\" \/><\/div><\/a><\/div><div class=\"threes-column\"><a href=\"http:\/\/www.tempsdimages.eu\/fr\" target=\"_blank\"><div class=\"cr3_sponsor_image\"><img loading=\"lazy\" decoding=\"async\" width=\"1077\" height=\"567\" src=\"https:\/\/ciedesogres.com\/wdp1\/wp-content\/uploads\/2016\/08\/logo-TEMPS-DIMAGES-1.jpg\" class=\"attachment-full size-full wp-post-image\" alt=\"\" srcset=\"https:\/\/ciedesogres.com\/wdp1\/wp-content\/uploads\/2016\/08\/logo-TEMPS-DIMAGES-1.jpg 1077w, https:\/\/ciedesogres.com\/wdp1\/wp-content\/uploads\/2016\/08\/logo-TEMPS-DIMAGES-1-300x158.jpg 300w, https:\/\/ciedesogres.com\/wdp1\/wp-content\/uploads\/2016\/08\/logo-TEMPS-DIMAGES-1-768x404.jpg 768w, https:\/\/ciedesogres.com\/wdp1\/wp-content\/uploads\/2016\/08\/logo-TEMPS-DIMAGES-1-1024x539.jpg 1024w\" sizes=\"auto, (max-width: 1077px) 100vw, 1077px\" \/><\/div><\/a><\/div><div class=\"threes-column\"><a href=\"http:\/\/www.jeune-theatre-national.com\/\" target=\"_blank\"><div class=\"cr3_sponsor_image\"><img loading=\"lazy\" decoding=\"async\" width=\"597\" height=\"355\" src=\"https:\/\/ciedesogres.com\/wdp1\/wp-content\/uploads\/2017\/02\/logo-JTN.png\" class=\"attachment-full size-full wp-post-image\" alt=\"\" srcset=\"https:\/\/ciedesogres.com\/wdp1\/wp-content\/uploads\/2017\/02\/logo-JTN.png 597w, https:\/\/ciedesogres.com\/wdp1\/wp-content\/uploads\/2017\/02\/logo-JTN-300x178.png 300w\" sizes=\"auto, (max-width: 597px) 100vw, 597px\" \/><\/div><\/a><\/div><div class=\"threes-column\"><a href=\"http:\/\/www.arcadi.fr\/\" target=\"_blank\"><div class=\"cr3_sponsor_image\"><img loading=\"lazy\" decoding=\"async\" width=\"472\" height=\"249\" src=\"https:\/\/ciedesogres.com\/wdp1\/wp-content\/uploads\/2017\/07\/logo-ARCADI-4-x-2.jpg\" class=\"attachment-full size-full wp-post-image\" alt=\"\" srcset=\"https:\/\/ciedesogres.com\/wdp1\/wp-content\/uploads\/2017\/07\/logo-ARCADI-4-x-2.jpg 472w, https:\/\/ciedesogres.com\/wdp1\/wp-content\/uploads\/2017\/07\/logo-ARCADI-4-x-2-300x158.jpg 300w\" sizes=\"auto, (max-width: 472px) 100vw, 472px\" \/><\/div><\/a><\/div><div class=\"threes-column\"><a href=\"http:\/\/letincelle-rouen.fr\/\" target=\"_blank\"><div class=\"cr3_sponsor_image\"><img loading=\"lazy\" decoding=\"async\" width=\"142\" height=\"75\" src=\"https:\/\/ciedesogres.com\/wdp1\/wp-content\/uploads\/2017\/08\/logo-Etincelle-5-x-25.jpg\" class=\"attachment-full size-full wp-post-image\" alt=\"\" \/><\/div><\/a><\/div><div class=\"threes-column\"><a href=\"http:\/\/www.institut-roumain.org\/\" target=\"_blank\"><div class=\"cr3_sponsor_image\"><img loading=\"lazy\" decoding=\"async\" width=\"142\" height=\"75\" src=\"https:\/\/ciedesogres.com\/wdp1\/wp-content\/uploads\/2017\/08\/logo-INSTITUT-ROUMAIN-5-x-25.jpg\" class=\"attachment-full size-full wp-post-image\" alt=\"\" \/><\/div><\/a><\/div><div class=\"threes-column\"><a href=\"http:\/\/www.onda.fr\/fr\/index.php\" target=\"_blank\"><div class=\"cr3_sponsor_image\"><img loading=\"lazy\" decoding=\"async\" width=\"142\" height=\"75\" src=\"https:\/\/ciedesogres.com\/wdp1\/wp-content\/uploads\/2017\/10\/logo-ONDA-5-x-25.png\" class=\"attachment-full size-full wp-post-image\" alt=\"\" \/><\/div><\/a><\/div><\/div>\n<p>\u00a0<\/p>\n<div class=\"editor-visual-editor__post-title-wrapper edit-post-visual-editor__post-title-wrapper\" contenteditable=\"false\">\n<h1 class=\"wp-block wp-block-post-title block-editor-block-list__block editor-post-title editor-post-title__input rich-text\" role=\"textbox\" contenteditable=\"true\" aria-label=\"Saisissez le titre\" aria-multiline=\"true\">Note d&rsquo;Intention<\/h1>\n<\/div>\n<div class=\"is-root-container is-desktop-preview is-layout-flow wp-block-post-content block-editor-block-list__layout\">\n<p id=\"block-69049729-6547-4139-ab62-566b27dda6c5\" class=\"block-editor-rich-text__editable block-editor-block-list__block wp-block wp-block-paragraph rich-text\" role=\"document\" contenteditable=\"true\" aria-multiline=\"true\" aria-label=\"Bloc\u00a0: paragraphe\" data-block=\"69049729-6547-4139-ab62-566b27dda6c5\" data-type=\"core\/paragraph\" data-title=\"Paragraphe\" data-empty=\"false\" data-wp-block-attribute-key=\"content\"><strong>OGRES<\/strong><\/p>\n<div class=\"wp-block\" data-align=\"center\">\n<figure id=\"block-4d3acc70-1e8f-4b94-923a-c24cdb0a5589\" class=\"block-editor-block-list__block wp-image-867 size-full wp-block-image\" tabindex=\"0\" role=\"document\" draggable=\"true\" aria-label=\"Bloc\u00a0: Image\" data-block=\"4d3acc70-1e8f-4b94-923a-c24cdb0a5589\" data-type=\"core\/image\" data-title=\"Image\">\n<div class=\"components-resizable-box__container\"><img decoding=\"async\" src=\"https:\/\/ciedesogres.com\/wdp1\/wp-content\/uploads\/2016\/01\/OGRES-2.jpg\" alt=\"L\u2019attribut alt de cette image est vide, son nom de fichier est OGRES-2.jpg.\" \/>\n<div>\u00a0<\/div>\n<\/div>\n<figcaption class=\"block-editor-rich-text__editable wp-element-caption rich-text\" role=\"textbox\" aria-multiline=\"true\" aria-label=\"Texte de l\u00e9gende de l\u2019image\" data-wp-block-attribute-key=\"caption\">cr\u00e9dit photo : Geoffrey Fages<\/figcaption>\n<div class=\"components-drop-zone\" data-is-drop-zone=\"true\">\n<div class=\"components-drop-zone__content\">\n<div class=\"components-drop-zone__content-inner\">\u00a0<\/div>\n<\/div>\n<\/div>\n<\/figure>\n<\/div>\n<p id=\"block-5910eee2-b587-4aeb-aae9-192fe26d5629\" class=\"block-editor-rich-text__editable block-editor-block-list__block wp-block wp-block-paragraph rich-text\" role=\"document\" contenteditable=\"true\" aria-multiline=\"true\" aria-label=\"Bloc\u00a0: paragraphe\" data-block=\"5910eee2-b587-4aeb-aae9-192fe26d5629\" data-type=\"core\/paragraph\" data-title=\"Paragraphe\" data-empty=\"false\" data-wp-block-attribute-key=\"content\">\u00ab\u00a028 sc\u00e8nes, 14 destinations, plusieurs temporalit\u00e9s et une trentaine de personnages pour un ensemble de 5 acteurs, permettant de faire entendre des points de vue diff\u00e9rents et subjectifs (ceux des victimes, des agresseurs, des familles, des t\u00e9moins&#8230;) qui, r\u00e9unis dans un espace commun, parviennent \u00e0 former une parole chorale.<\/p>\n<p id=\"block-ce26ce58-c8bb-4df6-851f-25589302b7ef\" class=\"block-editor-rich-text__editable block-editor-block-list__block wp-block wp-block-paragraph rich-text\" role=\"document\" contenteditable=\"true\" aria-multiline=\"true\" aria-label=\"Bloc\u00a0: paragraphe\" data-block=\"ce26ce58-c8bb-4df6-851f-25589302b7ef\" data-type=\"core\/paragraph\" data-title=\"Paragraphe\" data-empty=\"false\" data-wp-block-attribute-key=\"content\">Depuis 2010, je mets en sc\u00e8ne des fables qui traitent de questions de soci\u00e9t\u00e9, de sujets politiques et sociaux, afin d&rsquo;interroger les notions de normes sociales, d\u2019identit\u00e9 et de libert\u00e9. Venant d\u2019un pays, la Roumanie, qui a v\u00e9cu pendant plusieurs d\u00e9cennies sous un r\u00e9gime dictatorial, j&rsquo;appartiens \u00e0 la g\u00e9n\u00e9ration qui s&rsquo;est construite sur la chute de ce syst\u00e8me et qui en porte l&rsquo;h\u00e9ritage : un carcan id\u00e9ologique qui imposait une pens\u00e9e unique.<\/p>\n<p id=\"block-b8fb2713-f4bf-4c25-8e35-7526560df593\" class=\"block-editor-rich-text__editable block-editor-block-list__block wp-block wp-block-paragraph rich-text\" role=\"document\" contenteditable=\"true\" aria-multiline=\"true\" aria-label=\"Bloc\u00a0: paragraphe\" data-block=\"b8fb2713-f4bf-4c25-8e35-7526560df593\" data-type=\"core\/paragraph\" data-title=\"Paragraphe\" data-empty=\"false\" data-wp-block-attribute-key=\"content\">De fait, ma d\u00e9marche artistique est de donner voix \u00e0 des individus anonymes, des non-h\u00e9ros qui n\u2019appartiennent pas \u00e0 la majorit\u00e9 et qui n\u2019adh\u00e8rent pas \u00e0 la \u00ab culture dominante \u00bb. Je souhaite construire un th\u00e9\u00e2tre ouvert aux voix minoritaires, \u00e0 ce qui est en marge, aux r\u00e9voltes contre des syst\u00e8mes qui oppriment nos initiatives afin d&rsquo;affirmer notre libert\u00e9 d&rsquo;expression. J\u2019ai souhait\u00e9 que ce spectacle devienne un manifeste pour la libert\u00e9 et cr\u00e9er ainsi un dialogue sinc\u00e8re avec le spectateur permettant \u00e0 la catharsis de s&rsquo;op\u00e9rer.<\/p>\n<p id=\"block-8440d334-a6db-48d0-8314-2db4d99778c4\" class=\"block-editor-rich-text__editable block-editor-block-list__block wp-block wp-block-paragraph rich-text\" role=\"document\" contenteditable=\"true\" aria-multiline=\"true\" aria-label=\"Bloc\u00a0: paragraphe\" data-block=\"8440d334-a6db-48d0-8314-2db4d99778c4\" data-type=\"core\/paragraph\" data-title=\"Paragraphe\" data-empty=\"false\" data-wp-block-attribute-key=\"content\"><em>Ogres <\/em>ouvre \u00e0 un monde fantastique dans lequel les personnages cherchent leur identit\u00e9 individuelle et sociale. J&rsquo;ai eu le d\u00e9sir de situer <em>Ogres<\/em> dans l&rsquo;espace de la for\u00eat : lieu de l&rsquo;agression de Benjamin, mais aussi espace symbolique du conte, des peurs et des interdits. \u00c9galement espace-jungle, o\u00f9 l&rsquo;individu se perd et est livr\u00e9 \u00e0 lui-m\u00eame, lieu de solitude mais aussi \u00e9chappatoire possible. Cet espace de la for\u00eat unie toutes ces histoires, tous ces pays, et leur donner une r\u00e9sonance universelle. Donner \u00e0 \u00e9couter et \u00e0 entendre ce qu&rsquo;il se passe, inviter le spectateur \u00e0 pr\u00eater l&rsquo;oreille : c&rsquo;est aussi l&rsquo;histoire de gens qui ne parlent pas, qui taisent leurs douleurs.<\/p>\n<p id=\"block-26808451-7c97-4eda-8dee-909e83dce484\" class=\"block-editor-rich-text__editable block-editor-block-list__block wp-block wp-block-paragraph rich-text\" role=\"document\" contenteditable=\"true\" aria-multiline=\"true\" aria-label=\"Bloc\u00a0: paragraphe\" data-block=\"26808451-7c97-4eda-8dee-909e83dce484\" data-type=\"core\/paragraph\" data-title=\"Paragraphe\" data-empty=\"false\" data-wp-block-attribute-key=\"content\">J\u2019ai souhait\u00e9 jouer sur des plans qui se croisent, faire coexister des situations ou univers apparemment oppos\u00e9s : introduire le spectateur dans des zones de turbulences, de troubles, et questionner ce qui est repr\u00e9sent\u00e9 sur sc\u00e8ne, activer le regard critique du spectateur, interroger ainsi nos normes et nos valeurs, nos repr\u00e9sentations. Donner une forme de spectacle de \u00ab\u00a0reconstitution\u00a0\u00bb afin de mieux d\u00e9construire la pens\u00e9e ais\u00e9e.<\/p>\n<p id=\"block-14330790-309b-4b7d-ae20-046d19a59732\" class=\"block-editor-rich-text__editable block-editor-block-list__block wp-block wp-block-paragraph rich-text\" role=\"document\" contenteditable=\"true\" aria-multiline=\"true\" aria-label=\"Bloc\u00a0: paragraphe\" data-block=\"14330790-309b-4b7d-ae20-046d19a59732\" data-type=\"core\/paragraph\" data-title=\"Paragraphe\" data-empty=\"false\" data-wp-block-attribute-key=\"content\"><em>Ogres <\/em>est un conte sur l&rsquo;urgence de faire preuve d&rsquo;une plus grande ouverture face aux minorit\u00e9s, une proposition de casser les murs entre les territoires pour aller vers l\u2019inconnu, l\u2019accepter, l\u2019approcher. <a href=\"https:\/\/ciedesogres.com\/wdp1\/yann-verburgh\/\" target=\"_blank\" rel=\"noopener\">Yann Verburgh<\/a>\u00a0nous propose une introspection au c\u0153ur de notre for(\u00eat) int\u00e9rieur(e), endroit inond\u00e9 par des pr\u00e9jug\u00e9s, des sch\u00e9mas et des \u00ab ogres \u00bb qui prennent le pouvoir sur nous. Ces histoires nous invitent \u00e0 creuser dans notre sensible, vers une meilleure \u00e9coute et appr\u00e9hension de nos proches, indiff\u00e9remment de leur orientation sexuelle.\u00a0\u00bb<\/p>\n<p>Eugen Jebeleanu<\/p>\n<p>\u00a0<\/p>\n<div class=\"editor-visual-editor__post-title-wrapper edit-post-visual-editor__post-title-wrapper\" contenteditable=\"false\">\n<h1 class=\"wp-block wp-block-post-title block-editor-block-list__block editor-post-title editor-post-title__input rich-text\" role=\"textbox\" contenteditable=\"true\" aria-label=\"Saisissez le titre\" aria-multiline=\"true\">Contexte menant \u00e0 l&rsquo;\u00e9criture<\/h1>\n<\/div>\n<div class=\"is-root-container is-desktop-preview is-layout-flow wp-block-post-content block-editor-block-list__layout\">\n<p id=\"block-4c4f44d6-b3e0-4399-b4ae-e7fae3928f94\" class=\"block-editor-rich-text__editable block-editor-block-list__block wp-block wp-block-paragraph rich-text\" role=\"document\" contenteditable=\"true\" aria-multiline=\"true\" aria-label=\"Bloc\u00a0: paragraphe\" data-block=\"4c4f44d6-b3e0-4399-b4ae-e7fae3928f94\" data-type=\"core\/paragraph\" data-title=\"Paragraphe\" data-empty=\"false\" data-wp-block-attribute-key=\"content\"><strong>OGRES<\/strong><\/p>\n<figure id=\"block-faf0b178-1ecc-46db-843e-758f0767fc02\" class=\"block-editor-block-list__block wp-block wp-block-image\" tabindex=\"0\" role=\"document\" draggable=\"true\" aria-label=\"Bloc\u00a0: Image\" data-block=\"faf0b178-1ecc-46db-843e-758f0767fc02\" data-type=\"core\/image\" data-title=\"Image\">\n<div class=\"components-resizable-box__container\"><img decoding=\"async\" src=\"https:\/\/ciedesogres.com\/wdp1\/wp-content\/uploads\/2015\/09\/OGRES-3-1024x683.jpg\" alt=\"L\u2019attribut alt de cette image est vide, son nom de fichier est OGRES-3-1024x683.jpg.\" \/>\n<div>\u00a0<\/div>\n<\/div>\n<figcaption class=\"block-editor-rich-text__editable wp-element-caption rich-text\" role=\"textbox\" aria-multiline=\"true\" aria-label=\"Texte de l\u00e9gende de l\u2019image\" data-wp-block-attribute-key=\"caption\">cr\u00e9dit photo : Geoffrey Fages<\/figcaption>\n<div class=\"components-drop-zone\" data-is-drop-zone=\"true\">\n<div class=\"components-drop-zone__content\">\n<div class=\"components-drop-zone__content-inner\">\u00a0<\/div>\n<\/div>\n<\/div>\n<\/figure>\n<p id=\"block-b253d37b-cd0b-449d-8a09-17b83c3bdf7e\" class=\"block-editor-rich-text__editable block-editor-block-list__block wp-block wp-block-paragraph rich-text\" role=\"document\" contenteditable=\"true\" aria-multiline=\"true\" aria-label=\"Bloc\u00a0: paragraphe\" data-block=\"b253d37b-cd0b-449d-8a09-17b83c3bdf7e\" data-type=\"core\/paragraph\" data-title=\"Paragraphe\" data-empty=\"false\" data-wp-block-attribute-key=\"content\">\u00ab En 2013, avec le vote du projet de loi ouvrant le mariage aux couples de m\u00eame sexe, la France est devenue le 9e pays europ\u00e9en et le 14e pays au monde \u00e0 autoriser le mariage homosexuel. Si cette ann\u00e9e marque une grande avanc\u00e9e pour la communaut\u00e9 LGBT fran\u00e7aise, elle est aussi marqu\u00e9e par une augmentation significative des agressions homophobes. Choqu\u00e9 et surpris par cette recrudescence de violence, j&rsquo;ai engag\u00e9 des recherches sur la question de l&rsquo;homophobie, d&rsquo;abord dans mon pays, en France, puis sur tout le reste du globe. Il n&rsquo;y a pas de mots pour qualifier ce que j&rsquo;ai trouv\u00e9, m\u00eame si on peut parler d&rsquo;intol\u00e9rance, de violence, de discrimination, de crime de haine, de barbarie ou d\u2019horreur. Mon moyen d&rsquo;agir dans la soci\u00e9t\u00e9 \u00e9tant le th\u00e9\u00e2tre, c&rsquo;est donc ce m\u00e9dium que j&rsquo;adopte en \u00e9crivant ce texte pour d\u00e9noncer ces crimes et d\u00e9fendre la libert\u00e9 et l&rsquo;amour.<\/p>\n<p id=\"block-34b9bc88-bace-45fc-a5f1-0207f5726eea\" class=\"block-editor-rich-text__editable block-editor-block-list__block wp-block wp-block-paragraph rich-text\" role=\"document\" contenteditable=\"true\" aria-multiline=\"true\" aria-label=\"Bloc\u00a0: paragraphe\" data-block=\"34b9bc88-bace-45fc-a5f1-0207f5726eea\" data-type=\"core\/paragraph\" data-title=\"Paragraphe\" data-empty=\"false\" data-wp-block-attribute-key=\"content\">Les Ogres du titre de ce texte &#8211; Ogre du latin Orcus, \u00ab enfer \u00bb &#8211; sont la m\u00e9taphore d&rsquo;une peur et d&rsquo;une souffrance, celle de Benjamin, dont on suit l\u2019histoire au milieu des t\u00e9moignages d&rsquo;autres agressions. Les Ogres sont la repr\u00e9sentation d&rsquo;une cruaut\u00e9, celle de la bouche, du stade oral, du verbe, jusqu&rsquo;\u00e0 la barbarie, jusqu&rsquo;au sang, jusqu&rsquo;au meurtre, jusqu&rsquo;\u00e0 l\u2019horreur. L\u2019ogre s&rsquo;attaque \u00e0 l&rsquo;innocence, aux enfants qui n&rsquo;ont que peu, voire aucun moyen de d\u00e9fense face \u00e0 ce monstre. A l\u2019instar de nombreux pays o\u00f9 les homosexuels n&rsquo;ont que peu, voire aucun moyen de d\u00e9fense face \u00e0 leurs agresseurs ou face \u00e0 des lois meurtri\u00e8res.<\/p>\n<p id=\"block-e6ad3577-daf0-45ce-96e6-f52255dca709\" class=\"block-editor-rich-text__editable block-editor-block-list__block wp-block wp-block-paragraph rich-text\" role=\"document\" contenteditable=\"true\" aria-multiline=\"true\" aria-label=\"Bloc\u00a0: paragraphe\" data-block=\"e6ad3577-daf0-45ce-96e6-f52255dca709\" data-type=\"core\/paragraph\" data-title=\"Paragraphe\" data-empty=\"false\" data-wp-block-attribute-key=\"content\">Le syst\u00e8me de dramatisation que j&rsquo;ai choisi pour raconter ces histoires, s&rsquo;appuie sur un concept simple :<br data-rich-text-line-break=\"true\" \/>un personnage \/ un point de vue \/ une situation \/ une action. Les t\u00e9moignages font intervenir tour \u00e0 tour victimes, agresseurs, m\u00e8res et p\u00e8res des victimes, simples t\u00e9moins, agents de police&#8230; Cela me permet, en termes d&rsquo;\u00e9criture, de varier le style et les angles de narration, de multiplier les points de vue et de les confronter, de jouer avec les rythmes et l&rsquo;intensit\u00e9 dramatique, de charger l&rsquo;ensemble des t\u00e9moignages de vie et de chair.<\/p>\n<p id=\"block-65651fa7-cb4a-4cb7-9015-e3a40983d135\" class=\"block-editor-rich-text__editable block-editor-block-list__block wp-block wp-block-paragraph rich-text\" role=\"document\" contenteditable=\"true\" aria-multiline=\"true\" aria-label=\"Bloc\u00a0: paragraphe\" data-block=\"65651fa7-cb4a-4cb7-9015-e3a40983d135\" data-type=\"core\/paragraph\" data-title=\"Paragraphe\" data-empty=\"false\" data-wp-block-attribute-key=\"content\">Je souhaite donner \u00e0 cette \u00e9criture une v\u00e9ritable valeur litt\u00e9raire et une identit\u00e9 artistique forte dans le paysage th\u00e9\u00e2tral contemporain. Mon but est qu&rsquo;au milieu de l\u2019horreur surgisse l&rsquo;amour. \u00bb<\/p>\n<p>Yann Verburgh<\/p>\n<p>\u00a0<\/p>\n<div class=\"editor-visual-editor__post-title-wrapper edit-post-visual-editor__post-title-wrapper\" contenteditable=\"false\">\n<h1 class=\"wp-block wp-block-post-title block-editor-block-list__block editor-post-title editor-post-title__input rich-text\" role=\"textbox\" contenteditable=\"true\" aria-label=\"Saisissez le titre\" aria-multiline=\"true\">Le texte<\/h1>\n<\/div>\n<div class=\"is-root-container is-desktop-preview is-layout-flow wp-block-post-content block-editor-block-list__layout\">\n<h5 id=\"block-d566f460-93a0-4abf-83e3-abfc3efc2c17\" class=\"block-editor-rich-text__editable block-editor-block-list__block wp-block is-selected wp-block-heading rich-text\" role=\"document\" contenteditable=\"true\" aria-multiline=\"true\" aria-label=\"Bloc\u00a0: Titre\" data-block=\"d566f460-93a0-4abf-83e3-abfc3efc2c17\" data-type=\"core\/heading\" data-title=\"Titre\" data-wp-block-attribute-key=\"content\"><strong data-rich-text-format-boundary=\"true\">Voici le parcours de <em>Ogres<\/em> de Yann Verburgh<em>, <\/em>publi\u00e9 aux \u00c9ditions Quartett, avec une pr\u00e9face d\u2019Alexandra Badea.<\/strong><\/h5>\n<\/div>\n<p><\/p>\n<figure class=\"wp-block-image\"><img loading=\"lazy\" decoding=\"async\" width=\"640\" height=\"960\" class=\"wp-image-1091\" src=\"https:\/\/ciedesogres.com\/wdp1\/wp-content\/uploads\/2016\/01\/OGRES-11-facebook-atp.jpg\" alt=\"\" srcset=\"https:\/\/ciedesogres.com\/wdp1\/wp-content\/uploads\/2016\/01\/OGRES-11-facebook-atp.jpg 640w, https:\/\/ciedesogres.com\/wdp1\/wp-content\/uploads\/2016\/01\/OGRES-11-facebook-atp-200x300.jpg 200w\" sizes=\"auto, (max-width: 640px) 100vw, 640px\" \/>\n<figcaption class=\"wp-element-caption\">cr\u00e9dit photo : Geoffrey Fages<\/figcaption>\n<\/figure>\n<p> <\/p>\n<p><strong>Le texte est disponible \u00e0 l&rsquo;achat sur la boutique <a href=\"https:\/\/www.dialoguestheatrelaboutique.com\/livre\/10873248-ogres-verburgh-yann-quartett\" target=\"_blank\" rel=\"noopener\">Dialogues Th\u00e9\u00e2tre, accessible en cliquant ici.<\/a><\/strong><\/p>\n<p> <\/p>\n<p>Nous vous invitons \u00e9galement \u00e0 visionner les vid\u00e9os \u00ab\u00a0Le texte par l&rsquo;auteur\u00a0\u00bb de Yann Verburgh \u00e0 propos de <em>Ogres<\/em>, sur le site <a href=\"http:\/\/www.theatre-contemporain.net\/textes\/Ogres-Yann-Verburgh\/playlist\/id\/A-propos-de-Ogres\/\" target=\"_blank\" rel=\"noopener\">theatre-contemporain.net, accessibles en cliquant ici.<\/a><\/p>\n<p> <\/p>\n<p>Laur\u00e9at de l&rsquo;Aide \u00e0 l&rsquo;\u00e9criture de l&rsquo;association <a href=\"http:\/\/beaumarchais.asso.fr\/\" target=\"_blank\" rel=\"noopener\">Beaumarchais-SACD<\/a><\/p>\n<p> <\/p>\n<p>Laur\u00e9at de l&rsquo;Aide \u00e0 la cr\u00e9ation du<a href=\"http:\/\/www.artcena.fr\/\" target=\"_blank\" rel=\"noopener\"> CnT \/ Artcena<\/a><\/p>\n<p> <\/p>\n<p>Laur\u00e9at de l\u2019Aide \u00e0 la publication du <a href=\"http:\/\/www.centrenationaldulivre.fr\/\" target=\"_blank\" rel=\"noopener\">CNL<\/a> &#8211; Centre National du Livre<\/p>\n<p> <\/p>\n<p>Accueilli en r\u00e9sidence d\u2019\u00e9criture \u00e0 la <a href=\"http:\/\/chartreuse.org\/site\/\" target=\"_blank\" rel=\"noopener\">Chartreuse Cnes<\/a> de Villeneuve lez Avignon<\/p>\n<p> <\/p>\n<p>Coup de c\u0153ur du Bureau des lecteurs de la <a href=\"http:\/\/www.comedie-francaise.fr\/\" target=\"_blank\" rel=\"noopener\">Com\u00e9die Fran\u00e7aise<\/a><\/p>\n<p> <\/p>\n<p>Coup de c\u0153ur du comit\u00e9 de lecture de l\u2019<a href=\"http:\/\/lapostrophe.net\/cergy-pontoise\/\" target=\"_blank\" rel=\"noopener\">Apostrophe<\/a> &#8211; sc\u00e8ne nationale de Cergy-Pontoise et du Val d&rsquo;Oise<\/p>\n<p> <\/p>\n<p>Finaliste du Prix d\u2019\u00e9criture th\u00e9\u00e2trale de Gu\u00e9rande<\/p>\n<p> <\/p>\n<p>S\u00e9lectionn\u00e9 par le comit\u00e9 de lecture d&rsquo;<a href=\"http:\/\/www.influenscenes.com\/\" target=\"_blank\" rel=\"noopener\">Influensc\u00e8nes<\/a> et des \u00e9l\u00e8ves de l&rsquo;ESAD pour les <a href=\"http:\/\/www.eatheatre.fr\/Rendez-vous\/les-mardis-midi.html\" target=\"_blank\" rel=\"noopener\">Mardis midi<\/a><\/p>\n<p> <\/p>\n<p><em>Ogres<\/em> est traduit en roumain par Eugen Jebeleanu avec le soutien de l&rsquo;association Beaumarchais-SACD et en turc par Ayberk Erkay avec le soutien de l&rsquo;<a href=\"http:\/\/www.ifturquie.org\/fr\/\" target=\"_blank\" rel=\"noopener\">Institut Fran\u00e7ais d&rsquo;Istanbul<\/a>.<\/p>\n<p> <\/p>\n<p><strong><i><br \/>Ogres<\/i> a \u00e9galement fait l\u2019objet de nombreuse lectures :<\/strong><\/p>\n<p> <\/p>\n<ul class=\"wp-block-list\">\n<li><i>8e Nuit de la Chartreuse<\/i> et <i>Rencontres d\u2019Et\u00e9 2015<\/i> avec les \u00e9l\u00e8ves du Lyc\u00e9e Fr\u00e9d\u00e9ric Mistral d\u2019Avignon<\/li>\n<\/ul>\n<p> <\/p>\n<ul class=\"wp-block-list\">\n<li><i>Lundis en coulisse<\/i> au Th\u00e9\u00e2tre de l\u2019Aquarium et \u00e0 la Villa Gillet<\/li>\n<\/ul>\n<p> <\/p>\n<ul class=\"wp-block-list\">\n<li><i>Cycle de lectures d&rsquo;auteurs contemporains<\/i> \u00e0 la Com\u00e9die Fran\u00e7aise<\/li>\n<\/ul>\n<p> <\/p>\n<ul class=\"wp-block-list\">\n<li>Lectures en espace par la Classe Libre du Cours Florent<\/li>\n<\/ul>\n<p> <\/p>\n<ul class=\"wp-block-list\">\n<li><i>Mardis midi<\/i> au Th\u00e9\u00e2tre 13 avec la promotion 2016 de l\u2019ESAD<\/li>\n<\/ul>\n<p> <\/p>\n<ul class=\"wp-block-list\">\n<li>Journ\u00e9es <em>Th\u00e9\u00e2tre du Pr\u00e9sent<\/em> \u00e0 l\u2019Apostrophe<\/li>\n<\/ul>\n<p> <\/p>\n<ul class=\"wp-block-list\">\n<li>Festival Temps d\u2019Images de Cluj avec les \u00e9l\u00e8ves du Conservatoire de Cluj, en Roumanie.<\/li>\n<\/ul>\n<p> <\/p>\n<ul class=\"wp-block-list\">\n<li>Semaine LGBTI, \u00e0 l&rsquo;Institut Fran\u00e7ais d&rsquo;Istanbul (Turquie) dans une mise en voix du Collectif Biriken<\/li>\n<\/ul>\n<p> <\/p>\n<ul class=\"wp-block-list\">\n<li>Lecture au <a href=\"http:\/\/www.theatregerardphilipe.com\/cdn\/\" target=\"_blank\" rel=\"noopener\">Th\u00e9\u00e2tre G\u00e9rard Philipe<\/a> &#8211; CDN de Saint-Denis, dirig\u00e9e par Eugen Jebeleanu avec les com\u00e9diens de la Compagnie des Ogres. Vous pouvez retrouver toutes les infos dans la rubrique \u00ab\u00a0<a href=\"https:\/\/ciedesogres.com\/wdp1\/lecture-de-ogres-au-tgp\/\" target=\"_blank\" rel=\"noopener\">Actualit\u00e9s<\/a>\u00a0\u00bb de ce site.<\/li>\n<\/ul>\n<p><\/p>\n<\/div>\n<\/div>\n<\/div>\n\n\n\n<h2 class=\"wp-block-heading\"><span style=\"border-radius: 2px; text-indent: 20px; width: auto; padding: 0px 4px 0px 0px; text-align: center; font: bold 11px\/20px 'Helvetica Neue',Helvetica,sans-serif; color: #ffffff; background: #bd081c no-repeat scroll 3px 50% \/ 14px 14px; position: absolute; opacity: 1; z-index: 8675309; display: none; cursor: pointer; top: 27px; left: 20px;\">Enregistrer<\/span>Ogres, le livre<\/h2>\n\n\n\n<p><em>Ogres<\/em> de Yann Verburgh est publi\u00e9 aux Editions Quartett, pr\u00e9fac\u00e9 par Alexandra Badea.<\/p>\n\n\n\n<p><strong>Le texte est disponible \u00e0 l\u2019achat sur la boutique <a href=\"https:\/\/www.dialoguestheatrelaboutique.com\/livre\/10873248-ogres-verburgh-yann-quartett\" target=\"_blank\" rel=\"noreferrer noopener\">Dialogues Th\u00e9\u00e2tre, accessible en cliquant ici.<\/a><\/strong><\/p>\n<p>\u00a0<\/p>\n\n\n\n<p><span style=\"border-radius: 2px; text-indent: 20px; width: auto; padding: 0px 4px 0px 0px; text-align: center; font: bold 11px\/20px 'Helvetica Neue',Helvetica,sans-serif; color: #ffffff; background: #bd081c no-repeat scroll 3px 50% \/ 14px 14px; position: absolute; opacity: 1; z-index: 8675309; display: none; cursor: pointer; top: 27px; left: 20px;\">Enregist<\/span><\/p>\n\n\n<div class=\"wp-block-image\">\n<figure class=\"aligncenter\"><img loading=\"lazy\" decoding=\"async\" width=\"452\" height=\"828\" src=\"https:\/\/ciedesogres.com\/wdp1\/wp-content\/uploads\/2016\/11\/Ogres-livre-1ere-couverture.jpg\" alt=\"Ogres le livre\" class=\"wp-image-795\" srcset=\"https:\/\/ciedesogres.com\/wdp1\/wp-content\/uploads\/2016\/11\/Ogres-livre-1ere-couverture.jpg 452w, https:\/\/ciedesogres.com\/wdp1\/wp-content\/uploads\/2016\/11\/Ogres-livre-1ere-couverture-164x300.jpg 164w\" sizes=\"auto, (max-width: 452px) 100vw, 452px\" \/><\/figure><\/div>\n\n\n\n\n<p><span style=\"border-radius: 2px; text-indent: 20px; width: auto; padding: 0px 4px 0px 0px; text-align: center; font: bold 11px\/20px 'Helvetica Neue',Helvetica,sans-serif; color: #ffffff; background: #bd081c  no-repeat scroll 3px 50% \/ 14px 14px; position: absolute; opacity: 1; z-index: 8675309; display: none; cursor: pointer; top: 86px; left: 20px;\">Enregistrer<\/span><\/p>\n\n\n\n<p><span style=\"border-radius: 2px; text-indent: 20px; width: auto; padding: 0px 4px 0px 0px; text-align: center; font: bold 11px\/20px 'Helvetica Neue',Helvetica,sans-serif; color: #ffffff; background: #bd081c  no-repeat scroll 3px 50% \/ 14px 14px; position: absolute; opacity: 1; z-index: 8675309; display: none; cursor: pointer;\">Enregistrer<\/span><\/p>\n\n\n\n<p><span style=\"border-radius: 2px; text-indent: 20px; width: auto; padding: 0px 4px 0px 0px; text-align: center; font: bold 11px\/20px 'Helvetica Neue',Helvetica,sans-serif; color: #ffffff; background: #bd081c  no-repeat scroll 3px 50% \/ 14px 14px; position: absolute; opacity: 1; z-index: 8675309; display: none; cursor: pointer;\">Enregistrer<\/span><\/p>\n\n\n\n<p><span style=\"border-radius: 2px; text-indent: 20px; width: auto; padding: 0px 4px 0px 0px; text-align: center; font: bold 11px\/20px 'Helvetica Neue',Helvetica,sans-serif; color: #ffffff; background: #bd081c  no-repeat scroll 3px 50% \/ 14px 14px; position: absolute; opacity: 1; z-index: 8675309; display: none; cursor: pointer; top: 80px; left: 20px;\">Enregistrer<\/span><\/p>\n","protected":false},"excerpt":{"rendered":"<p>OGRES Ogres de Yann Verburgh propose un voyage au c\u0153ur de l\u2019homophobie, aujourd&rsquo;hui dans le monde. De la France \u00e0 la Russie, de l&rsquo;Ouganda \u00e0 l&rsquo;Iran \u2013 en passant par la Bulgarie, l&rsquo;Afrique du Sud, le Cameroun, la Gr\u00e8ce, le Br\u00e9sil, la Roumanie, la Cor\u00e9e du Sud, les Pays-Bas \u2013 ce texte dresse un \u00e9tat &hellip; <a href=\"https:\/\/ciedesogres.com\/wdp1\/cr3ativsponsor\/onda\/\" class=\"more-link\">Continuer la lecture de <span class=\"screen-reader-text\">ONDA<\/span>  <span class=\"meta-nav\">&rarr;<\/span><\/a><\/p>\n","protected":false},"author":1,"featured_media":0,"parent":0,"menu_order":0,"comment_status":"closed","ping_status":"closed","template":"","meta":{"footnotes":""},"class_list":["post-505","page","type-page","status-publish","hentry","has-post-thumbnail"],"_links":{"self":[{"href":"https:\/\/ciedesogres.com\/wdp1\/wp-json\/wp\/v2\/pages\/505","targetHints":{"allow":["GET"]}}],"collection":[{"href":"https:\/\/ciedesogres.com\/wdp1\/wp-json\/wp\/v2\/pages"}],"about":[{"href":"https:\/\/ciedesogres.com\/wdp1\/wp-json\/wp\/v2\/types\/page"}],"author":[{"embeddable":true,"href":"https:\/\/ciedesogres.com\/wdp1\/wp-json\/wp\/v2\/users\/1"}],"replies":[{"embeddable":true,"href":"https:\/\/ciedesogres.com\/wdp1\/wp-json\/wp\/v2\/comments?post=505"}],"version-history":[{"count":23,"href":"https:\/\/ciedesogres.com\/wdp1\/wp-json\/wp\/v2\/pages\/505\/revisions"}],"predecessor-version":[{"id":20878,"href":"https:\/\/ciedesogres.com\/wdp1\/wp-json\/wp\/v2\/pages\/505\/revisions\/20878"}],"wp:attachment":[{"href":"https:\/\/ciedesogres.com\/wdp1\/wp-json\/wp\/v2\/media?parent=505"}],"curies":[{"name":"wp","href":"https:\/\/api.w.org\/{rel}","templated":true}]}}